{"id":44,"date":"2025-06-02T15:43:49","date_gmt":"2025-06-02T13:43:49","guid":{"rendered":"https:\/\/tbm2026paris.org\/?page_id=44"},"modified":"2025-12-18T18:17:35","modified_gmt":"2025-12-18T17:17:35","slug":"about-this-conference","status":"publish","type":"page","link":"https:\/\/tbm2026paris.org\/index.php\/about-this-conference\/","title":{"rendered":"About this conference"},"content":{"rendered":"<div class=\"wpb-content-wrapper\"><p>[vc_row css=&#8221;.vc_custom_1748872484327{border-radius: 2px !important;border-color: #18314F !important;}&#8221; el_class=&#8221;boxed&#8221;][vc_column width=&#8221;1\/4&#8243;][vc_column_text css=&#8221;.vc_custom_1749717853548{border-top-width: 1px !important;border-right-width: 1px !important;border-bottom-width: 1px !important;border-left-width: 1px !important;border-radius: 2px !important;border-color: #18314F !important;}&#8221;]<\/p>\n<h2 class=\"p1\" style=\"text-align: center;\">SAVE THE DATE<\/h2>\n<h2 class=\"p1\" style=\"text-align: center;\">28<span class=\"s1\"><sup>th<\/sup> <\/span>&amp; 29<span class=\"s1\"><sup>th<\/sup> <\/span>MAY 2026 \/ 28 &amp; 29 MAI 2026<\/h2>\n<h4 style=\"text-align: center;\">Sorbonne Universit\u00e9 &#8211; Campus des Cordeliers<br \/>\n15 rue de l&#8217;\u00c9cole-de-m\u00e9decine<\/h4>\n<h2 class=\"p1\" style=\"text-align: center;\">PARIS, FRANCE<\/h2>\n<p>[\/vc_column_text][\/vc_column][vc_column width=&#8221;3\/4&#8243;][vc_single_image image=&#8221;209&#8243; img_size=&#8221;Full&#8221; alignment=&#8221;center&#8221; onclick=&#8221;link_image&#8221; css=&#8221;&#8221;][\/vc_column][\/vc_row][vc_row][vc_column width=&#8221;1\/2&#8243;][vc_column_text css=&#8221;&#8221;]<\/p>\n<p style=\"text-align: center;\">For the 10th anniversary of the Francophone Network for Mentalization Based Therapies (RF-TBM),our network is organizing:<\/p>\n<h3 style=\"text-align: center;\">The 8th International MBT Conference<\/h3>\n<h3 style=\"text-align: center;\">TURBULENCE AND MENTALIZING: CHALLENGES AND OPPORTUNITIES<\/h3>\n<p>[\/vc_column_text][vc_column_text css=&#8221;.vc_custom_1749716219186{background-color: #00B1AE !important;}&#8221;]<\/p>\n<h2 class=\"p1\" style=\"text-align: center; color: #fff;\">Simultaneous Translation<\/h2>\n<p>[\/vc_column_text][\/vc_column][vc_column width=&#8221;1\/2&#8243;][vc_column_text css=&#8221;&#8221;]<\/p>\n<p style=\"text-align: center;\">\u00c0 l\u2019occasion du 10e anniversaire du R\u00e9seau Francophone des Th\u00e9rapies Bas\u00e9es sur la Mentalisation (RF-TBM), notre r\u00e9seau organise :<\/p>\n<h3 style=\"text-align: center;\">La 8e Conf\u00e9rence internationale en TBM<\/h3>\n<h3 style=\"text-align: center;\">TURBULENCE ET MENTALISATION : D\u00c9FIS ET OPPORTUNIT\u00c9S<\/h3>\n<p>[\/vc_column_text][vc_column_text css=&#8221;.vc_custom_1749716245774{background-color: #00B1AE !important;}&#8221;]<\/p>\n<h2 class=\"p1\" style=\"text-align: center; color: #fff;\">Traduction simultan\u00e9e int\u00e9grale<\/h2>\n<p>[\/vc_column_text][\/vc_column][\/vc_row][vc_row][vc_column][vc_column_text css=&#8221;&#8221;]<\/p>\n<h2>Confirmed Speakers<\/h2>\n<p>[\/vc_column_text][vc_row_inner][vc_column_inner width=&#8221;1\/4&#8243;][vc_single_image image=&#8221;125&#8243; alignment=&#8221;center&#8221; css=&#8221;&#8221;][vc_column_text css=&#8221;&#8221;]<\/p>\n<p style=\"text-align: center;\"><strong>Anthony Bateman<\/strong><br \/>\nLondon- UK<\/p>\n<p>[\/vc_column_text][\/vc_column_inner][vc_column_inner width=&#8221;1\/4&#8243;][vc_single_image image=&#8221;126&#8243; alignment=&#8221;center&#8221; css=&#8221;&#8221;][vc_column_text css=&#8221;&#8221;]<\/p>\n<p style=\"text-align: center;\"><strong>Nicolas Berthelot<\/strong><br \/>\nQu\u00e9bec &#8211; Canada<\/p>\n<p>[\/vc_column_text][\/vc_column_inner][vc_column_inner width=&#8221;1\/4&#8243;][vc_single_image image=&#8221;127&#8243; alignment=&#8221;center&#8221; css=&#8221;&#8221;][vc_column_text css=&#8221;&#8221;]<\/p>\n<p style=\"text-align: center;\"><strong>Karin Ensink<\/strong><br \/>\nQu\u00e9bec &#8211; Canada<\/p>\n<p>[\/vc_column_text][\/vc_column_inner][vc_column_inner width=&#8221;1\/4&#8243;][vc_single_image image=&#8221;128&#8243; alignment=&#8221;center&#8221; css=&#8221;&#8221;][vc_column_text css=&#8221;&#8221;]<\/p>\n<p style=\"text-align: center;\"><strong>Peter Fonagy<\/strong><br \/>\nLondon &#8211; UK<\/p>\n<p>[\/vc_column_text][\/vc_column_inner][\/vc_row_inner][vc_row_inner][vc_column_inner width=&#8221;1\/4&#8243;][vc_single_image image=&#8221;129&#8243; alignment=&#8221;center&#8221; css=&#8221;&#8221;][vc_column_text css=&#8221;&#8221;]<\/p>\n<p style=\"text-align: center;\"><strong>Patrick Luyten<\/strong><br \/>\nLeuven \/ London &#8211; Belgium \/ UK<\/p>\n<p>[\/vc_column_text][\/vc_column_inner][vc_column_inner width=&#8221;1\/4&#8243;][vc_single_image image=&#8221;130&#8243; alignment=&#8221;center&#8221; css=&#8221;&#8221;][vc_column_text css=&#8221;&#8221;]<\/p>\n<p style=\"text-align: center;\"><strong>Norka Malberg<\/strong><br \/>\nBarcelona &#8211; Spain<\/p>\n<p>[\/vc_column_text][\/vc_column_inner][vc_column_inner width=&#8221;1\/4&#8243;][vc_single_image image=&#8221;131&#8243; alignment=&#8221;center&#8221; css=&#8221;&#8221;][vc_column_text css=&#8221;&#8221;]<\/p>\n<p style=\"text-align: center;\"><strong>Carla Sharp<\/strong><br \/>\nHouston &#8211; USA<\/p>\n<p>[\/vc_column_text][\/vc_column_inner][vc_column_inner width=&#8221;1\/4&#8243;][vc_single_image image=&#8221;132&#8243; alignment=&#8221;center&#8221; css=&#8221;&#8221;][vc_column_text css=&#8221;&#8221;]<\/p>\n<p style=\"text-align: center;\"><strong>Svenja Taubner<\/strong><br \/>\nHeidelberg &#8211; Germany<\/p>\n<p>[\/vc_column_text][\/vc_column_inner][\/vc_row_inner][\/vc_column][\/vc_row][vc_row][vc_column][vc_column_text css=&#8221;&#8221;]<\/p>\n<h2>The venue &#8211; Sorbonne Universit\u00e9 &#8211; Campus des Cordeliers<\/h2>\n<h4 style=\"text-align: left;\">15 rue de l&#8217;\u00c9cole-de-m\u00e9decine 75006 PARIS<\/h4>\n<p>[\/vc_column_text][vc_row_inner][vc_column_inner width=&#8221;1\/4&#8243;][vc_column_text css=&#8221;&#8221;]<\/p>\n<h2 data-start=\"96\" data-end=\"121\">\ud83c\udfdb\ufe0f Medieval Origins<\/h2>\n<ul data-start=\"122\" data-end=\"499\">\n<li data-start=\"122\" data-end=\"357\">\n<p data-start=\"124\" data-end=\"357\">The site was founded in the early 13th century by the Franciscans (known in France as <em data-start=\"210\" data-end=\"222\">Cordeliers<\/em>), with the support of Saint Louis. A convent was built, including cloisters, a refectory (completed in 1506), gardens, and a chapel.<\/p>\n<\/li>\n<li data-start=\"358\" data-end=\"499\">\n<p data-start=\"360\" data-end=\"499\">In the 16th century, a fire partially destroyed the complex; reconstruction efforts continued, with the cloister completed in 1683.<\/p>\n<\/li>\n<\/ul>\n<ul data-start=\"1769\" data-end=\"2469\">\n<li style=\"list-style-type: none;\" data-start=\"1981\" data-end=\"2469\"><\/li>\n<\/ul>\n<p>[\/vc_column_text][\/vc_column_inner][vc_column_inner width=&#8221;1\/2&#8243;][vc_single_image img_size=&#8221;full&#8221; css=&#8221;&#8221;][\/vc_column_inner][vc_column_inner width=&#8221;1\/4&#8243;][vc_column_text css=&#8221;&#8221;]<\/p>\n<h2 data-start=\"86\" data-end=\"114\">\ud83c\udfdb\ufe0f Origines m\u00e9di\u00e9vales<\/h2>\n<ul data-start=\"115\" data-end=\"274\">\n<li data-start=\"115\" data-end=\"195\">\n<p data-start=\"117\" data-end=\"195\"><span class=\"relative -mx-px my-[-0.2rem] rounded px-px py-[0.2rem] transition-colors duration-100 ease-in-out\">Fond\u00e9 au d\u00e9but du XIII\u1d49 si\u00e8cle par les franciscains (&#8220;les Cordeliers&#8221;), b\u00e9n\u00e9ficiant du soutien de saint\u202fLouis. Un couvent comprenant clo\u00eetres, r\u00e9fectoire (achev\u00e9 en 1506), jardins et chapelle fut \u00e9rig\u00e9<\/span><\/p>\n<\/li>\n<li data-start=\"196\" data-end=\"274\">\n<p data-start=\"198\" data-end=\"274\"><span class=\"relative -mx-px my-[-0.2rem] rounded px-px py-[0.2rem] transition-colors duration-100 ease-in-out\">Au XVI\u1d49 si\u00e8cle, un incendie d\u00e9truisit partiellement le complexe ; les reconstructions se poursuivirent jusqu\u2019au clo\u00eetre de 1683<\/span><\/p>\n<\/li>\n<\/ul>\n<ul data-start=\"1214\" data-end=\"1647\">\n<li style=\"list-style-type: none;\" data-start=\"1299\" data-end=\"1647\"><\/li>\n<\/ul>\n<p>[\/vc_column_text][\/vc_column_inner][\/vc_row_inner][vc_row_inner][vc_column_inner width=&#8221;1\/4&#8243;][vc_column_text css=&#8221;&#8221;]<\/p>\n<h2 data-start=\"501\" data-end=\"541\">\ud83c\udfeb Renaissance and Medical Teaching<\/h2>\n<ul data-start=\"542\" data-end=\"760\">\n<li data-start=\"542\" data-end=\"685\">\n<p data-start=\"544\" data-end=\"685\">During the 16th and 17th centuries, the convent housed a surgical college, including the Saint-C\u00f4me amphitheatre used for anatomy teaching.<\/p>\n<\/li>\n<li data-start=\"686\" data-end=\"760\">\n<p data-start=\"688\" data-end=\"760\">From 1604 to 1622, even the King&#8217;s Library was temporarily housed there.<\/p>\n<\/li>\n<\/ul>\n<ul data-start=\"1769\" data-end=\"2469\">\n<li style=\"list-style-type: none;\" data-start=\"1981\" data-end=\"2469\"><\/li>\n<\/ul>\n<p>[\/vc_column_text][\/vc_column_inner][vc_column_inner width=&#8221;1\/2&#8243;][\/vc_column_inner][vc_column_inner width=&#8221;1\/4&#8243;][vc_column_text css=&#8221;&#8221;]<\/p>\n<h2 data-start=\"276\" data-end=\"319\">\ud83c\udfeb Renaissance et enseignement m\u00e9dical<\/h2>\n<ul data-start=\"320\" data-end=\"479\">\n<li data-start=\"320\" data-end=\"400\">\n<p data-start=\"322\" data-end=\"400\"><span class=\"relative -mx-px my-[-0.2rem] rounded px-px py-[0.2rem] transition-colors duration-100 ease-in-out\">Au XVI\u1d49\u2013XVII\u1d49, le couvent abrita un coll\u00e8ge de chirurgie, incluant l\u2019amphith\u00e9\u00e2tre Saint\u2011C\u00f4me pour l\u2019enseignement de l\u2019anatomie<\/span><\/p>\n<\/li>\n<li data-start=\"401\" data-end=\"479\">\n<p data-start=\"403\" data-end=\"479\"><span class=\"relative -mx-px my-[-0.2rem] rounded px-px py-[0.2rem] transition-colors duration-100 ease-in-out\">De 1604 \u00e0 1622, la biblioth\u00e8que du roi y fut m\u00eame temporairement install\u00e9e<\/span><\/p>\n<\/li>\n<\/ul>\n<ul data-start=\"1214\" data-end=\"1647\">\n<li style=\"list-style-type: none;\" data-start=\"1299\" data-end=\"1647\"><\/li>\n<\/ul>\n<p>[\/vc_column_text][\/vc_column_inner][\/vc_row_inner][vc_row_inner][vc_column_inner width=&#8221;1\/2&#8243;][vc_column_text css=&#8221;&#8221;]<\/p>\n<h2 data-start=\"762\" data-end=\"787\">\u2694\ufe0f French Revolution<\/h2>\n<ul data-start=\"788\" data-end=\"1074\">\n<li data-start=\"788\" data-end=\"945\">\n<p data-start=\"790\" data-end=\"945\">In May 1790, the site was requisitioned and became the <strong data-start=\"845\" data-end=\"868\">Club des Cordeliers<\/strong>, a key revolutionary political group led by Danton, Desmoulins, and Marat.<\/p>\n<\/li>\n<li data-start=\"946\" data-end=\"1074\">\n<p data-start=\"948\" data-end=\"1074\">After 1792, some sections were converted into a temporary hospital.<\/p>\n<\/li>\n<\/ul>\n<p>[\/vc_column_text][\/vc_column_inner][vc_column_inner width=&#8221;1\/2&#8243;][vc_column_text css=&#8221;&#8221;]<\/p>\n<h2 data-start=\"481\" data-end=\"509\">\u2694\ufe0f R\u00e9volution fran\u00e7aise<\/h2>\n<ul data-start=\"510\" data-end=\"677\">\n<li data-start=\"510\" data-end=\"594\">\n<p data-start=\"512\" data-end=\"594\"><span class=\"relative -mx-px my-[-0.2rem] rounded px-px py-[0.2rem] transition-colors duration-100 ease-in-out\">R\u00e9quisitionn\u00e9 en mai\u202f1790 pour devenir le <strong data-start=\"42\" data-end=\"65\">Club des Cordeliers<\/strong>, un groupe politique influent anim\u00e9 par Danton, Desmoulins et Marat<\/span><\/p>\n<\/li>\n<li data-start=\"595\" data-end=\"677\">\n<p data-start=\"597\" data-end=\"677\"><span class=\"relative -mx-px my-[-0.2rem] rounded px-px py-[0.2rem] transition-colors duration-100 ease-in-out\">Apr\u00e8s 1792, certaines parties furent converties en h\u00f4pital temporaire, Marat y fut m\u00eame enterr\u00e9 jusqu\u2019\u00e0 son transfert au Panth\u00e9on<\/span><\/p>\n<\/li>\n<\/ul>\n<ul data-start=\"1214\" data-end=\"1647\">\n<li style=\"list-style-type: none;\" data-start=\"1299\" data-end=\"1647\"><\/li>\n<\/ul>\n<p>[\/vc_column_text][\/vc_column_inner][\/vc_row_inner][vc_row_inner][vc_column_inner width=&#8221;1\/4&#8243;][vc_column_text css=&#8221;&#8221;]<\/p>\n<h2 data-start=\"1076\" data-end=\"1113\">\ud83c\udf93 Post-Revolution to the Empire<\/h2>\n<ul data-start=\"1114\" data-end=\"1433\">\n<li data-start=\"1114\" data-end=\"1248\">\n<p data-start=\"1116\" data-end=\"1248\">In 1794, the nationalized buildings hosted the newly founded Paris School of Health, which became the <em data-start=\"1218\" data-end=\"1237\">\u00c9cole de M\u00e9decine<\/em> in 1798.<\/p>\n<\/li>\n<li data-start=\"1249\" data-end=\"1318\">\n<p data-start=\"1251\" data-end=\"1318\">In 1808, it gained official faculty status by decree of Napoleon.<\/p>\n<\/li>\n<li data-start=\"1319\" data-end=\"1433\">\n<p data-start=\"1321\" data-end=\"1433\">In 1835, the faculty opened the <strong data-start=\"1353\" data-end=\"1373\">Dupuytren Museum<\/strong> in the old refectory, with a chair in pathological anatomy.<\/p>\n<\/li>\n<\/ul>\n<p>[\/vc_column_text][\/vc_column_inner][vc_column_inner width=&#8221;1\/2&#8243;][\/vc_column_inner][vc_column_inner width=&#8221;1\/4&#8243;][vc_column_text css=&#8221;&#8221;]<\/p>\n<h2 data-start=\"679\" data-end=\"723\">\ud83c\udf93 \u00c9poque post\u2011r\u00e9volutionnaire \u00e0 Empire<\/h2>\n<ul data-start=\"724\" data-end=\"976\">\n<li data-start=\"724\" data-end=\"808\">\n<p data-start=\"726\" data-end=\"808\"><span class=\"relative -mx-px my-[-0.2rem] rounded px-px py-[0.2rem] transition-colors duration-100 ease-in-out\">En 1794, les biens nationaux accueillent l\u2019\u00c9cole de sant\u00e9 de Paris, fond\u00e9e d\u00e9but\u202f1795, qui fut renomm\u00e9e \u00c9cole de m\u00e9decine en 1798.<\/span><\/p>\n<\/li>\n<li data-start=\"809\" data-end=\"893\">\n<p data-start=\"811\" data-end=\"893\"><span class=\"relative -mx-px my-[-0.2rem] rounded px-px py-[0.2rem] transition-colors duration-100 ease-in-out\">En 1808, cette institution obtint le statut de facult\u00e9 de m\u00e9decine par d\u00e9cret napol\u00e9onien.<\/span><\/p>\n<\/li>\n<li data-start=\"894\" data-end=\"976\">\n<p data-start=\"896\" data-end=\"976\"><span class=\"relative -mx-px my-[-0.2rem] rounded px-px py-[0.2rem] transition-colors duration-100 ease-in-out\">En 1835, la facult\u00e9 inaugura le <strong data-start=\"32\" data-end=\"51\">mus\u00e9e Dupuytren<\/strong> dans l\u2019ancien r\u00e9fectoire, avec une chaire d\u2019anatomie pathologique.<\/span><\/p>\n<\/li>\n<\/ul>\n<p>[\/vc_column_text][\/vc_column_inner][\/vc_row_inner][vc_row_inner][vc_column_inner width=&#8221;1\/4&#8243;][vc_column_text css=&#8221;&#8221;]<\/p>\n<h2 data-start=\"1435\" data-end=\"1477\">\ud83c\udfd7\ufe0f 19th\u201320th Century Transformations<\/h2>\n<ul data-start=\"1478\" data-end=\"1739\">\n<li data-start=\"1478\" data-end=\"1566\">\n<p data-start=\"1480\" data-end=\"1566\">Between 1795 and 1877, most convent buildings were demolished, except the refectory.<\/p>\n<\/li>\n<li data-start=\"1567\" data-end=\"1739\">\n<p data-start=\"1569\" data-end=\"1739\">In 1900, architect L\u00e9on Ginain built the <em data-start=\"1610\" data-end=\"1626\">\u00c9cole Pratique<\/em> (an annex of the medical faculty) on the former convent grounds, which is now part of the university\u2019s heritage.<\/p>\n<\/li>\n<\/ul>\n<p>[\/vc_column_text][\/vc_column_inner][vc_column_inner width=&#8221;1\/2&#8243;][\/vc_column_inner][vc_column_inner width=&#8221;1\/4&#8243;][vc_column_text css=&#8221;&#8221;]<\/p>\n<h2 data-start=\"978\" data-end=\"1014\">\ud83c\udfd7\ufe0f Transformations au XIX\u1d49\u2013XX\u1d49<\/h2>\n<ul data-start=\"1015\" data-end=\"1182\">\n<li data-start=\"1015\" data-end=\"1099\">\n<p data-start=\"1017\" data-end=\"1099\"><span class=\"relative -mx-px my-[-0.2rem] rounded px-px py-[0.2rem] transition-colors duration-100 ease-in-out\">Entre 1795 et 1877, les b\u00e2timents conventuels furent d\u00e9molis sauf le r\u00e9fectoire<\/span><\/p>\n<\/li>\n<li data-start=\"1100\" data-end=\"1182\">\n<p data-start=\"1102\" data-end=\"1182\"><span class=\"relative -mx-px my-[-0.2rem] rounded px-px py-[0.2rem] transition-colors duration-100 ease-in-out\">En 1900, l\u2019architecte L\u00e9on Ginain construisit l\u2019\u00c9cole pratique (annexe de la facult\u00e9) sur l\u2019emplacement du couvent ; ce nouveau b\u00e2timent fait d\u00e9sormais partie du patrimoine universitaire<\/span><\/p>\n<\/li>\n<\/ul>\n<p>[\/vc_column_text][\/vc_column_inner][\/vc_row_inner][vc_row_inner][vc_column_inner width=&#8221;1\/2&#8243;][vc_column_text css=&#8221;&#8221;]<\/p>\n<h2 data-start=\"1741\" data-end=\"1768\">\ud83c\udf93 Contemporary Period<\/h2>\n<ul data-start=\"1769\" data-end=\"2469\">\n<li data-start=\"1769\" data-end=\"1980\">\n<p data-start=\"1771\" data-end=\"1980\">The original medical faculty (established around 1200) became Paris-Descartes University (Paris V) after the 1970 university reform, while Sorbonne University (formerly Paris VI) inherited parts of the site.<\/p>\n<\/li>\n<li data-start=\"1981\" data-end=\"2469\">\n<p data-start=\"1983\" data-end=\"2023\">Functions and spaces were reorganized:<\/p>\n<ul data-start=\"2026\" data-end=\"2469\">\n<li data-start=\"2026\" data-end=\"2171\">\n<p data-start=\"2028\" data-end=\"2171\">The <strong data-start=\"2032\" data-end=\"2074\">Faculty of Health &amp; School of Medicine<\/strong> of Universit\u00e9 Paris Cit\u00e9 (formerly Descartes) is now located at 15 rue de l\u2019\u00c9cole de M\u00e9decine.<\/p>\n<\/li>\n<li data-start=\"2174\" data-end=\"2295\">\n<p data-start=\"2176\" data-end=\"2295\">The <strong data-start=\"2180\" data-end=\"2210\">Cordeliers Research Center<\/strong> and university services of Sorbonne University are located in the former cloister.<\/p>\n<\/li>\n<li data-start=\"2298\" data-end=\"2351\">\n<p data-start=\"2300\" data-end=\"2351\">The Dupuytren Museum remained on-site until 2016.<\/p>\n<\/li>\n<li data-start=\"2354\" data-end=\"2469\">\n<p data-start=\"2356\" data-end=\"2469\">The refectory was restored by the Paris Township (reopened in 2019) and is now used for exhibitions and researcher housing.<\/p>\n<\/li>\n<\/ul>\n<\/li>\n<\/ul>\n<p>[\/vc_column_text][\/vc_column_inner][vc_column_inner width=&#8221;1\/2&#8243;][vc_column_text css=&#8221;&#8221;]<\/p>\n<h2 data-start=\"1184\" data-end=\"1213\">\ud83c\udf93 P\u00e9riode contemporaine<\/h2>\n<ul data-start=\"1214\" data-end=\"1647\">\n<li data-start=\"1214\" data-end=\"1298\">\n<p data-start=\"1216\" data-end=\"1298\"><span class=\"relative -mx-px my-[-0.2rem] rounded px-px py-[0.2rem] transition-colors duration-100 ease-in-out\">La facult\u00e9 de m\u00e9decine d\u2019origine (fond\u00e9e vers 1200) devint l\u2019Universit\u00e9 Paris\u2011Descartes (Paris V) apr\u00e8s la r\u00e9forme de 1970, tandis que Sorbonne Universit\u00e9 (ex\u2011Paris VI) h\u00e9rita de parties du site<\/span><\/p>\n<\/li>\n<li data-start=\"1299\" data-end=\"1647\">\n<p data-start=\"1301\" data-end=\"1342\"><span class=\"relative -mx-px my-[-0.2rem] rounded px-px py-[0.2rem] transition-colors duration-100 ease-in-out\">Les mus\u00e9es et fonctions ont \u00e9t\u00e9 r\u00e9partis :<\/span><\/p>\n<ul data-start=\"1345\" data-end=\"1647\">\n<li data-start=\"1345\" data-end=\"1388\">\n<p data-start=\"1347\" data-end=\"1388\"><span class=\"relative -mx-px my-[-0.2rem] rounded px-px py-[0.2rem] transition-colors duration-100 ease-in-out\"><strong data-start=\"0\" data-end=\"35\" data-is-only-node=\"\">Facult\u00e9 de sant\u00e9 &amp; UFR M\u00e9decine<\/strong> de l\u2019Universit\u00e9 Paris\u2011Cit\u00e9 (ex\u2011Descartes) au n\u00b015.<\/span><\/p>\n<\/li>\n<li data-start=\"1391\" data-end=\"1475\">\n<p data-start=\"1393\" data-end=\"1475\"><span class=\"relative -mx-px my-[-0.2rem] rounded px-px py-[0.2rem] transition-colors duration-100 ease-in-out\"><strong data-start=\"0\" data-end=\"38\" data-is-only-node=\"\">Centre de recherche des Cordeliers<\/strong> et services universitaires de Sorbonne Universit\u00e9 dans l\u2019ancien clo\u00eetre<\/span><\/p>\n<\/li>\n<li data-start=\"1478\" data-end=\"1562\">\n<p data-start=\"1480\" data-end=\"1562\"><span class=\"relative -mx-px my-[-0.2rem] rounded px-px py-[0.2rem] transition-colors duration-100 ease-in-out\">Le mus\u00e9e Dupuytren y resta jusqu\u2019en 2016<\/span><\/p>\n<\/li>\n<li data-start=\"1565\" data-end=\"1647\">\n<p data-start=\"1567\" data-end=\"1647\"><span class=\"relative -mx-px my-[-0.2rem] rounded px-px py-[0.2rem] transition-colors duration-100 ease-in-out\">Le r\u00e9fectoire a \u00e9t\u00e9 restaur\u00e9 par la Ville de Paris (r\u00e9ouverture en 2019) et est d\u00e9sormais utilis\u00e9 pour des expositions et logements de chercheurs<\/span><\/p>\n<\/li>\n<\/ul>\n<\/li>\n<\/ul>\n<p>[\/vc_column_text][\/vc_column_inner][\/vc_row_inner][vc_row_inner][vc_column_inner width=&#8221;1\/4&#8243;][\/vc_column_inner][vc_column_inner width=&#8221;1\/2&#8243;][vc_single_image image=&#8221;209&#8243; img_size=&#8221;Full&#8221; alignment=&#8221;center&#8221; css=&#8221;&#8221;][\/vc_column_inner][vc_column_inner width=&#8221;1\/4&#8243;][\/vc_column_inner][\/vc_row_inner][\/vc_column][\/vc_row]<\/p>\n<\/div>","protected":false},"excerpt":{"rendered":"<p>[vc_row css=&#8221;.vc_custom_1748872484327{border-radius: 2px !important;border-color: #18314F !important;}&#8221; el_class=&#8221;boxed&#8221;][vc_column width=&#8221;1\/4&#8243;][vc_column_text css=&#8221;.vc_custom_1749717853548{border-top-width: 1px !important;border-right-width: 1px !important;border-bottom-width: 1px !important;border-left-width: 1px !important;border-radius: 2px !important;border-color: #18314F [&hellip;]<\/p>\n","protected":false},"author":1,"featured_media":0,"parent":0,"menu_order":0,"comment_status":"closed","ping_status":"closed","template":"","meta":{"site-sidebar-layout":"no-sidebar","site-content-layout":"plain-container","ast-site-content-layout":"default","site-content-style":"default","site-sidebar-style":"default","ast-global-header-display":"","ast-banner-title-visibility":"","ast-main-header-display":"","ast-hfb-above-header-display":"","ast-hfb-below-header-display":"","ast-hfb-mobile-header-display":"","site-post-title":"","ast-breadcrumbs-content":"","ast-featured-img":"disabled","footer-sml-layout":"","ast-disable-related-posts":"","theme-transparent-header-meta":"default","adv-header-id-meta":"","stick-header-meta":"","header-above-stick-meta":"","header-main-stick-meta":"","header-below-stick-meta":"","astra-migrate-meta-layouts":"set","ast-page-background-enabled":"default","ast-page-background-meta":{"desktop":{"background-color":"var(--ast-global-color-5)","background-image":"","background-repeat":"repeat","background-position":"center center","background-size":"auto","background-attachment":"scroll","background-type":"","background-media":"","overlay-type":"","overlay-color":"","overlay-opacity":"","overlay-gradient":""},"tablet":{"background-color":"","background-image":"","background-repeat":"repeat","background-position":"center center","background-size":"auto","background-attachment":"scroll","background-type":"","background-media":"","overlay-type":"","overlay-color":"","overlay-opacity":"","overlay-gradient":""},"mobile":{"background-color":"","background-image":"","background-repeat":"repeat","background-position":"center center","background-size":"auto","background-attachment":"scroll","background-type":"","background-media":"","overlay-type":"","overlay-color":"","overlay-opacity":"","overlay-gradient":""}},"ast-content-background-meta":{"desktop":{"background-color":"var(--ast-global-color-4)","background-image":"","background-repeat":"repeat","background-position":"center center","background-size":"auto","background-attachment":"scroll","background-type":"","background-media":"","overlay-type":"","overlay-color":"","overlay-opacity":"","overlay-gradient":""},"tablet":{"background-color":"var(--ast-global-color-4)","background-image":"","background-repeat":"repeat","background-position":"center center","background-size":"auto","background-attachment":"scroll","background-type":"","background-media":"","overlay-type":"","overlay-color":"","overlay-opacity":"","overlay-gradient":""},"mobile":{"background-color":"var(--ast-global-color-4)","background-image":"","background-repeat":"repeat","background-position":"center center","background-size":"auto","background-attachment":"scroll","background-type":"","background-media":"","overlay-type":"","overlay-color":"","overlay-opacity":"","overlay-gradient":""}},"footnotes":""},"class_list":["post-44","page","type-page","status-publish","hentry"],"_links":{"self":[{"href":"https:\/\/tbm2026paris.org\/index.php\/wp-json\/wp\/v2\/pages\/44","targetHints":{"allow":["GET"]}}],"collection":[{"href":"https:\/\/tbm2026paris.org\/index.php\/wp-json\/wp\/v2\/pages"}],"about":[{"href":"https:\/\/tbm2026paris.org\/index.php\/wp-json\/wp\/v2\/types\/page"}],"author":[{"embeddable":true,"href":"https:\/\/tbm2026paris.org\/index.php\/wp-json\/wp\/v2\/users\/1"}],"replies":[{"embeddable":true,"href":"https:\/\/tbm2026paris.org\/index.php\/wp-json\/wp\/v2\/comments?post=44"}],"version-history":[{"count":29,"href":"https:\/\/tbm2026paris.org\/index.php\/wp-json\/wp\/v2\/pages\/44\/revisions"}],"predecessor-version":[{"id":213,"href":"https:\/\/tbm2026paris.org\/index.php\/wp-json\/wp\/v2\/pages\/44\/revisions\/213"}],"wp:attachment":[{"href":"https:\/\/tbm2026paris.org\/index.php\/wp-json\/wp\/v2\/media?parent=44"}],"curies":[{"name":"wp","href":"https:\/\/api.w.org\/{rel}","templated":true}]}}